{"id":1166,"date":"2026-05-02T17:57:23","date_gmt":"2026-05-02T17:57:23","guid":{"rendered":"https:\/\/www.manteigasmusicfestival.com\/?page_id=1166"},"modified":"2026-05-02T18:06:52","modified_gmt":"2026-05-02T18:06:52","slug":"nona-sinfonia","status":"publish","type":"page","link":"https:\/\/www.manteigasmusicfestival.com\/en\/nona-sinfonia\/","title":{"rendered":"Nona Sinfonia"},"content":{"rendered":"<div class=\"wp-block-group is-layout-flow wp-block-group-is-layout-flow\" style=\"min-height:20px;margin-top:var(--wp--preset--spacing--50);margin-bottom:var(--wp--preset--spacing--50)\">\n<div class=\"wp-block-cover aligncenter has-aspect-ratio\" style=\"min-height:569px;aspect-ratio:1;min-height:unset;\"><img loading=\"lazy\" decoding=\"async\" width=\"943\" height=\"1024\" class=\"wp-block-cover__image-background wp-image-1083 size-large\" alt=\"\" src=\"https:\/\/www.manteigasmusicfestival.com\/wp-content\/uploads\/IMG-20260313-WA0000-943x1024.jpg\" data-object-fit=\"cover\" srcset=\"https:\/\/www.manteigasmusicfestival.com\/wp-content\/uploads\/IMG-20260313-WA0000-943x1024.jpg 943w, https:\/\/www.manteigasmusicfestival.com\/wp-content\/uploads\/IMG-20260313-WA0000-276x300.jpg 276w, https:\/\/www.manteigasmusicfestival.com\/wp-content\/uploads\/IMG-20260313-WA0000-768x834.jpg 768w, https:\/\/www.manteigasmusicfestival.com\/wp-content\/uploads\/IMG-20260313-WA0000-11x12.jpg 11w, https:\/\/www.manteigasmusicfestival.com\/wp-content\/uploads\/IMG-20260313-WA0000.jpg 1080w\" sizes=\"auto, (max-width: 943px) 100vw, 943px\" \/><span aria-hidden=\"true\" class=\"wp-block-cover__background has-background-dim-0 has-background-dim\" style=\"background-color:#50473d\"><\/span><div class=\"wp-block-cover__inner-container is-layout-flow wp-block-cover-is-layout-flow\">\n<p class=\"has-text-align-center has-large-font-size\"><\/p>\n<\/div><\/div>\n<\/div>\n\n\n\n<div class=\"wp-block-group alignwide is-vertical is-layout-flex wp-container-core-group-is-layout-e9b10ccf wp-block-group-is-layout-flex\" style=\"margin-top:var(--wp--preset--spacing--40);margin-bottom:var(--wp--preset--spacing--60)\">\n<div class=\"wp-block-group alignwide is-layout-flow wp-block-group-is-layout-flow\" style=\"margin-top:0;margin-bottom:0\">\n<p class=\"is-style-text-display is-style-text-display--1\">Ninth Symphony, Ludwig v. Beethoven<\/p>\n<\/div>\n\n\n\n<div class=\"wp-block-group alignwide is-layout-flow wp-block-group-is-layout-flow\" style=\"margin-top:0;margin-bottom:0\">\n<p>Premiered in 1824, Beethoven\u2019s Ninth Symphony remains one of the most influential creations in the history of Western music. Monumental in scale, revolutionary in conception, and universal in its message, this work has become an artistic and humanistic symbol that continues to resonate two centuries later. The approaching bicentenary of Beethoven\u2019s death in 2027, alongside the current state of the world, further reinforces the historical and emotional significance of this unique masterpiece.<\/p>\n\n\n\n<p>Symphony No. 9 was groundbreaking in introducing, for the first time in a major symphony, four vocal soloists and a chorus in the final movement\u2014a gesture that defied all conventions of the time and forever redefined the symphonic genre.<\/p>\n\n\n\n<p>The celebrated \u201cOde to Joy,\u201d inspired by Friedrich Schiller\u2019s poem \u201cAn die Freude\u201d, exalts ideals of freedom, fraternity, and unity among peoples\u2014values deeply rooted in Enlightenment humanism. This universal message has made the final theme a symbol of hope which, given its profound symbolic weight, was adopted as the anthem of the European Union.<\/p>\n\n\n\n<p>As someone observed, Beethoven expresses here \u201cthe will for freedom, the democratic longing of the people\u201d\u2014 a hymn to hope, to human dignity, and to the transformative power of art.<\/p>\n\n\n\n<p>The Ninth Symphony is more than a musical landmark: it is an artistic and human manifesto, a celebration of dignity and unity among all peoples\u2014and a highlight of any Summer Music Festival.<\/p>\n<\/div>\n<\/div>","protected":false},"excerpt":{"rendered":"<p>Nona Sinfonia, Ludwig v. Beethoven Estreada em 1824, a 9.\u00aa Sinfonia de Beethoven permanece uma das cria\u00e7\u00f5es mais influentes da hist\u00f3ria da m\u00fasica ocidental. Monumental na escala, revolucion\u00e1ria na conce\u00e7\u00e3o e universal na mensagem, esta obra tornou-se um s\u00edmbolo art\u00edstico e humanista que continua a ecoar dois s\u00e9culos depois. A proximidade do bicenten\u00e1rio da morte [&hellip;]<\/p>\n","protected":false},"author":1,"featured_media":1083,"parent":0,"menu_order":0,"comment_status":"closed","ping_status":"closed","template":"page-no-title","meta":{"footnotes":""},"folder":[],"class_list":["post-1166","page","type-page","status-publish","has-post-thumbnail","hentry"],"yoast_head":"<!-- This site is optimized with the Yoast SEO plugin v27.1.1 - https:\/\/yoast.com\/product\/yoast-seo-wordpress\/ -->\n<title>Nona Sinfonia - Festival de M\u00fasica de Ver\u00e3o de Manteigas<\/title>\n<meta name=\"robots\" content=\"index, follow, max-snippet:-1, max-image-preview:large, max-video-preview:-1\" \/>\n<link rel=\"canonical\" href=\"https:\/\/www.manteigasmusicfestival.com\/en\/nona-sinfonia\/\" \/>\n<meta property=\"og:locale\" content=\"en_GB\" \/>\n<meta property=\"og:type\" content=\"article\" \/>\n<meta property=\"og:title\" content=\"Nona Sinfonia - Festival de M\u00fasica de Ver\u00e3o de Manteigas\" \/>\n<meta property=\"og:description\" content=\"Nona Sinfonia, Ludwig v. Beethoven Estreada em 1824, a 9.\u00aa Sinfonia de Beethoven permanece uma das cria\u00e7\u00f5es mais influentes da hist\u00f3ria da m\u00fasica ocidental. Monumental na escala, revolucion\u00e1ria na conce\u00e7\u00e3o e universal na mensagem, esta obra tornou-se um s\u00edmbolo art\u00edstico e humanista que continua a ecoar dois s\u00e9culos depois. A proximidade do bicenten\u00e1rio da morte [&hellip;]\" \/>\n<meta property=\"og:url\" content=\"https:\/\/www.manteigasmusicfestival.com\/en\/nona-sinfonia\/\" \/>\n<meta property=\"og:site_name\" content=\"Festival de M\u00fasica de Ver\u00e3o de Manteigas\" \/>\n<meta property=\"article:publisher\" content=\"https:\/\/www.facebook.com\/p\/CORO-SINFNICO-LISBOA-CANTAT-100063495156162\" \/>\n<meta property=\"article:modified_time\" content=\"2026-05-02T18:06:52+00:00\" \/>\n<meta property=\"og:image\" content=\"https:\/\/www.manteigasmusicfestival.com\/wp-content\/uploads\/IMG-20260313-WA0000.jpg\" \/>\n\t<meta property=\"og:image:width\" content=\"1080\" \/>\n\t<meta property=\"og:image:height\" content=\"1173\" \/>\n\t<meta property=\"og:image:type\" content=\"image\/jpeg\" \/>\n<meta name=\"twitter:card\" content=\"summary_large_image\" \/>\n<meta name=\"twitter:label1\" content=\"Estimated reading time\" \/>\n\t<meta name=\"twitter:data1\" content=\"2 minutes\" \/>\n<script type=\"application\/ld+json\" class=\"yoast-schema-graph\">{\"@context\":\"https:\/\/schema.org\",\"@graph\":[{\"@type\":\"WebPage\",\"@id\":\"https:\/\/www.manteigasmusicfestival.com\/nona-sinfonia\/\",\"url\":\"https:\/\/www.manteigasmusicfestival.com\/nona-sinfonia\/\",\"name\":\"Nona Sinfonia - Festival de M\u00fasica de Ver\u00e3o de Manteigas\",\"isPartOf\":{\"@id\":\"https:\/\/www.manteigasmusicfestival.com\/#website\"},\"primaryImageOfPage\":{\"@id\":\"https:\/\/www.manteigasmusicfestival.com\/nona-sinfonia\/#primaryimage\"},\"image\":{\"@id\":\"https:\/\/www.manteigasmusicfestival.com\/nona-sinfonia\/#primaryimage\"},\"thumbnailUrl\":\"https:\/\/www.manteigasmusicfestival.com\/wp-content\/uploads\/IMG-20260313-WA0000.jpg\",\"datePublished\":\"2026-05-02T17:57:23+00:00\",\"dateModified\":\"2026-05-02T18:06:52+00:00\",\"breadcrumb\":{\"@id\":\"https:\/\/www.manteigasmusicfestival.com\/nona-sinfonia\/#breadcrumb\"},\"inLanguage\":\"en-GB\",\"potentialAction\":[{\"@type\":\"ReadAction\",\"target\":[\"https:\/\/www.manteigasmusicfestival.com\/nona-sinfonia\/\"]}]},{\"@type\":\"ImageObject\",\"inLanguage\":\"en-GB\",\"@id\":\"https:\/\/www.manteigasmusicfestival.com\/nona-sinfonia\/#primaryimage\",\"url\":\"https:\/\/www.manteigasmusicfestival.com\/wp-content\/uploads\/IMG-20260313-WA0000.jpg\",\"contentUrl\":\"https:\/\/www.manteigasmusicfestival.com\/wp-content\/uploads\/IMG-20260313-WA0000.jpg\",\"width\":1080,\"height\":1173},{\"@type\":\"BreadcrumbList\",\"@id\":\"https:\/\/www.manteigasmusicfestival.com\/nona-sinfonia\/#breadcrumb\",\"itemListElement\":[{\"@type\":\"ListItem\",\"position\":1,\"name\":\"Home\",\"item\":\"https:\/\/www.manteigasmusicfestival.com\/\"},{\"@type\":\"ListItem\",\"position\":2,\"name\":\"Nona Sinfonia\"}]},{\"@type\":\"WebSite\",\"@id\":\"https:\/\/www.manteigasmusicfestival.com\/#website\",\"url\":\"https:\/\/www.manteigasmusicfestival.com\/\",\"name\":\"Festival de M\u00fasica de Ver\u00e3o de Manteigas\",\"description\":\"Choral music in the heart of Serra da Estrela.\",\"publisher\":{\"@id\":\"https:\/\/www.manteigasmusicfestival.com\/#organization\"},\"potentialAction\":[{\"@type\":\"SearchAction\",\"target\":{\"@type\":\"EntryPoint\",\"urlTemplate\":\"https:\/\/www.manteigasmusicfestival.com\/?s={search_term_string}\"},\"query-input\":{\"@type\":\"PropertyValueSpecification\",\"valueRequired\":true,\"valueName\":\"search_term_string\"}}],\"inLanguage\":\"en-GB\"},{\"@type\":\"Organization\",\"@id\":\"https:\/\/www.manteigasmusicfestival.com\/#organization\",\"name\":\"Festival de M\u00fasica de Ver\u00e3o de Manteigas\",\"url\":\"https:\/\/www.manteigasmusicfestival.com\/\",\"logo\":{\"@type\":\"ImageObject\",\"inLanguage\":\"en-GB\",\"@id\":\"https:\/\/www.manteigasmusicfestival.com\/#\/schema\/logo\/image\/\",\"url\":\"https:\/\/www.manteigasmusicfestival.com\/wp-content\/uploads\/2025\/03\/FMV-Manteigas_PT_fundo-verde.png\",\"contentUrl\":\"https:\/\/www.manteigasmusicfestival.com\/wp-content\/uploads\/2025\/03\/FMV-Manteigas_PT_fundo-verde.png\",\"width\":5000,\"height\":2500,\"caption\":\"Festival de M\u00fasica de Ver\u00e3o de Manteigas\"},\"image\":{\"@id\":\"https:\/\/www.manteigasmusicfestival.com\/#\/schema\/logo\/image\/\"},\"sameAs\":[\"https:\/\/www.facebook.com\/p\/CORO-SINFNICO-LISBOA-CANTAT-100063495156162\",\"https:\/\/www.instagram.com\/corosinfonico.lisboacantat\/\"]}]}<\/script>\n<!-- \/ Yoast SEO plugin. -->","yoast_head_json":{"title":"Nona Sinfonia - Festival de M\u00fasica de Ver\u00e3o de Manteigas","robots":{"index":"index","follow":"follow","max-snippet":"max-snippet:-1","max-image-preview":"max-image-preview:large","max-video-preview":"max-video-preview:-1"},"canonical":"https:\/\/www.manteigasmusicfestival.com\/en\/nona-sinfonia\/","og_locale":"en_GB","og_type":"article","og_title":"Nona Sinfonia - Festival de M\u00fasica de Ver\u00e3o de Manteigas","og_description":"Nona Sinfonia, Ludwig v. Beethoven Estreada em 1824, a 9.\u00aa Sinfonia de Beethoven permanece uma das cria\u00e7\u00f5es mais influentes da hist\u00f3ria da m\u00fasica ocidental. Monumental na escala, revolucion\u00e1ria na conce\u00e7\u00e3o e universal na mensagem, esta obra tornou-se um s\u00edmbolo art\u00edstico e humanista que continua a ecoar dois s\u00e9culos depois. A proximidade do bicenten\u00e1rio da morte [&hellip;]","og_url":"https:\/\/www.manteigasmusicfestival.com\/en\/nona-sinfonia\/","og_site_name":"Festival de M\u00fasica de Ver\u00e3o de Manteigas","article_publisher":"https:\/\/www.facebook.com\/p\/CORO-SINFNICO-LISBOA-CANTAT-100063495156162","article_modified_time":"2026-05-02T18:06:52+00:00","og_image":[{"width":1080,"height":1173,"url":"https:\/\/www.manteigasmusicfestival.com\/wp-content\/uploads\/IMG-20260313-WA0000.jpg","type":"image\/jpeg"}],"twitter_card":"summary_large_image","twitter_misc":{"Estimated reading time":"2 minutes"},"schema":{"@context":"https:\/\/schema.org","@graph":[{"@type":"WebPage","@id":"https:\/\/www.manteigasmusicfestival.com\/nona-sinfonia\/","url":"https:\/\/www.manteigasmusicfestival.com\/nona-sinfonia\/","name":"Nona Sinfonia - Festival de M\u00fasica de Ver\u00e3o de Manteigas","isPartOf":{"@id":"https:\/\/www.manteigasmusicfestival.com\/#website"},"primaryImageOfPage":{"@id":"https:\/\/www.manteigasmusicfestival.com\/nona-sinfonia\/#primaryimage"},"image":{"@id":"https:\/\/www.manteigasmusicfestival.com\/nona-sinfonia\/#primaryimage"},"thumbnailUrl":"https:\/\/www.manteigasmusicfestival.com\/wp-content\/uploads\/IMG-20260313-WA0000.jpg","datePublished":"2026-05-02T17:57:23+00:00","dateModified":"2026-05-02T18:06:52+00:00","breadcrumb":{"@id":"https:\/\/www.manteigasmusicfestival.com\/nona-sinfonia\/#breadcrumb"},"inLanguage":"en-GB","potentialAction":[{"@type":"ReadAction","target":["https:\/\/www.manteigasmusicfestival.com\/nona-sinfonia\/"]}]},{"@type":"ImageObject","inLanguage":"en-GB","@id":"https:\/\/www.manteigasmusicfestival.com\/nona-sinfonia\/#primaryimage","url":"https:\/\/www.manteigasmusicfestival.com\/wp-content\/uploads\/IMG-20260313-WA0000.jpg","contentUrl":"https:\/\/www.manteigasmusicfestival.com\/wp-content\/uploads\/IMG-20260313-WA0000.jpg","width":1080,"height":1173},{"@type":"BreadcrumbList","@id":"https:\/\/www.manteigasmusicfestival.com\/nona-sinfonia\/#breadcrumb","itemListElement":[{"@type":"ListItem","position":1,"name":"Home","item":"https:\/\/www.manteigasmusicfestival.com\/"},{"@type":"ListItem","position":2,"name":"Nona Sinfonia"}]},{"@type":"WebSite","@id":"https:\/\/www.manteigasmusicfestival.com\/#website","url":"https:\/\/www.manteigasmusicfestival.com\/","name":"Manteigas Summer Music Festival","description":"Choral music in the heart of Serra da Estrela.","publisher":{"@id":"https:\/\/www.manteigasmusicfestival.com\/#organization"},"potentialAction":[{"@type":"SearchAction","target":{"@type":"EntryPoint","urlTemplate":"https:\/\/www.manteigasmusicfestival.com\/?s={search_term_string}"},"query-input":{"@type":"PropertyValueSpecification","valueRequired":true,"valueName":"search_term_string"}}],"inLanguage":"en-GB"},{"@type":"Organization","@id":"https:\/\/www.manteigasmusicfestival.com\/#organization","name":"Manteigas Summer Music Festival","url":"https:\/\/www.manteigasmusicfestival.com\/","logo":{"@type":"ImageObject","inLanguage":"en-GB","@id":"https:\/\/www.manteigasmusicfestival.com\/#\/schema\/logo\/image\/","url":"https:\/\/www.manteigasmusicfestival.com\/wp-content\/uploads\/2025\/03\/FMV-Manteigas_PT_fundo-verde.png","contentUrl":"https:\/\/www.manteigasmusicfestival.com\/wp-content\/uploads\/2025\/03\/FMV-Manteigas_PT_fundo-verde.png","width":5000,"height":2500,"caption":"Festival de M\u00fasica de Ver\u00e3o de Manteigas"},"image":{"@id":"https:\/\/www.manteigasmusicfestival.com\/#\/schema\/logo\/image\/"},"sameAs":["https:\/\/www.facebook.com\/p\/CORO-SINFNICO-LISBOA-CANTAT-100063495156162","https:\/\/www.instagram.com\/corosinfonico.lisboacantat\/"]}]}},"_links":{"self":[{"href":"https:\/\/www.manteigasmusicfestival.com\/en\/wp-json\/wp\/v2\/pages\/1166","targetHints":{"allow":["GET"]}}],"collection":[{"href":"https:\/\/www.manteigasmusicfestival.com\/en\/wp-json\/wp\/v2\/pages"}],"about":[{"href":"https:\/\/www.manteigasmusicfestival.com\/en\/wp-json\/wp\/v2\/types\/page"}],"author":[{"embeddable":true,"href":"https:\/\/www.manteigasmusicfestival.com\/en\/wp-json\/wp\/v2\/users\/1"}],"replies":[{"embeddable":true,"href":"https:\/\/www.manteigasmusicfestival.com\/en\/wp-json\/wp\/v2\/comments?post=1166"}],"version-history":[{"count":7,"href":"https:\/\/www.manteigasmusicfestival.com\/en\/wp-json\/wp\/v2\/pages\/1166\/revisions"}],"predecessor-version":[{"id":1173,"href":"https:\/\/www.manteigasmusicfestival.com\/en\/wp-json\/wp\/v2\/pages\/1166\/revisions\/1173"}],"wp:featuredmedia":[{"embeddable":true,"href":"https:\/\/www.manteigasmusicfestival.com\/en\/wp-json\/wp\/v2\/media\/1083"}],"wp:attachment":[{"href":"https:\/\/www.manteigasmusicfestival.com\/en\/wp-json\/wp\/v2\/media?parent=1166"}],"wp:term":[{"taxonomy":"folder","embeddable":true,"href":"https:\/\/www.manteigasmusicfestival.com\/en\/wp-json\/wp\/v2\/folder?post=1166"}],"curies":[{"name":"wp","href":"https:\/\/api.w.org\/{rel}","templated":true}]}}