{"id":1012,"date":"2026-05-02T22:55:03","date_gmt":"2026-05-02T22:55:03","guid":{"rendered":"https:\/\/www.manteigasmusicfestival.com\/?page_id=1012"},"modified":"2026-05-02T23:08:37","modified_gmt":"2026-05-02T23:08:37","slug":"programacao","status":"publish","type":"page","link":"https:\/\/www.manteigasmusicfestival.com\/pt\/programacao\/","title":{"rendered":"Programa\u00e7\u00e3o"},"content":{"rendered":"\n<div class=\"wp-block-group alignwide has-accent-1-color has-accent-2-background-color has-text-color has-background has-link-color wp-elements-a313253129714e56cc2a5f872cb32ba5 has-global-padding is-layout-constrained wp-container-core-group-is-layout-48566f16 wp-block-group-is-layout-constrained\" style=\"margin-top:var(--wp--preset--spacing--60);margin-bottom:var(--wp--preset--spacing--60);padding-top:var(--wp--preset--spacing--30);padding-bottom:var(--wp--preset--spacing--30)\">\n<div class=\"wp-block-group alignwide is-vertical is-content-justification-center is-layout-flex wp-container-core-group-is-layout-4bc9af69 wp-block-group-is-layout-flex\" style=\"margin-top:0;margin-bottom:0;padding-top:var(--wp--preset--spacing--40);padding-right:var(--wp--preset--spacing--40);padding-bottom:var(--wp--preset--spacing--40);padding-left:var(--wp--preset--spacing--40)\">\n<p class=\"has-text-align-center is-style-text-display has-accent-1-color has-text-color has-link-color wp-elements-608b2419c076ed29c40406159d117b6a is-style-text-display--1\" style=\"font-size:clamp(1.25rem, 1.25rem + ((1vw - 0.2rem) * 1.176), 2rem);\"><strong>Festival de M\u00fasica de Ver\u00e3o de Manteigas<\/strong><\/p>\n\n\n\n<p class=\"has-text-align-center is-style-text-display has-accent-1-color has-text-color has-link-color wp-elements-8cf4b065a9fe412d64302b4072793d5b is-style-text-display--2\" style=\"font-size:clamp(1.352rem, 1.352rem + ((1vw - 0.2rem) * 1.33), 2.2rem);\"><strong>15 &gt; 22 Ago &#8217;26<\/strong><\/p>\n<\/div>\n\n\n\n<div class=\"wp-block-group is-vertical is-content-justification-center is-nowrap is-layout-flex wp-container-core-group-is-layout-844aa0df wp-block-group-is-layout-flex\" style=\"margin-top:0;margin-bottom:0;padding-top:0;padding-right:0;padding-bottom:var(--wp--preset--spacing--30);padding-left:0\">\n<p class=\"is-style-text-display has-base-color has-text-color has-link-color wp-elements-a0c3e9b6ce0c363aa90fb29e609c86a2 is-style-text-display--3\" style=\"margin-top:0;margin-right:0;margin-bottom:0;margin-left:0;padding-top:0;padding-bottom:0\"><strong>Programa\u00e7\u00e3o<\/strong><\/p>\n<\/div>\n<\/div>\n\n\n\n<div class=\"wp-block-group has-global-padding is-layout-constrained wp-block-group-is-layout-constrained\" style=\"margin-top:var(--wp--preset--spacing--50);margin-bottom:var(--wp--preset--spacing--50)\">\n<div class=\"wp-block-group alignwide is-vertical is-content-justification-center is-layout-flex wp-container-core-group-is-layout-7aed8ed3 wp-block-group-is-layout-flex\">\n<div class=\"wp-block-group has-global-padding is-layout-constrained wp-block-group-is-layout-constrained\">\n<p class=\"has-text-align-center is-style-default has-accent-2-color has-text-color has-link-color wp-elements-3c3d706e27a3c2805aa3a9acdf9466b9\" style=\"font-size:clamp(1.502rem, 1.502rem + ((1vw - 0.2rem) * 1.565), 2.5rem);\">15 de agosto <strong>\u2022<\/strong> S\u00e1bado<\/p>\n\n\n\n<p class=\"has-text-align-center\">Chegada dos participantes<\/p>\n<\/div>\n\n\n\n<div class=\"wp-block-group has-global-padding is-layout-constrained wp-block-group-is-layout-constrained\">\n<p class=\"has-text-align-center is-style-default has-accent-2-color has-text-color has-link-color wp-elements-6beaf027a6a81ffbe0b93d3d53a6a01b\" style=\"font-size:clamp(1.502rem, 1.502rem + ((1vw - 0.2rem) * 1.565), 2.5rem);\">15 a 19 de agosto<\/p>\n\n\n\n<p class=\"has-text-align-center\"><strong>Ateli\u00ea coral intensivo de prepara\u00e7\u00e3o dos concertos finais com a obra Nona Sinfonia de Beethoven<\/strong><\/p>\n\n\n\n<p class=\"has-text-align-center\"><strong>Ateli\u00ea de Madrigais<\/strong><\/p>\n\n\n\n<p class=\"has-text-align-center\"><strong>Ateli\u00ea de Hollywood<\/strong><\/p>\n\n\n\n<p class=\"has-text-align-center\">Ateliers orientados por Jorge Carvalho Alves e Rute Dutra<br>Acompanhamento ao piano por Joana Barata<\/p>\n\n\n\n<p class=\"has-text-align-center is-style-default has-accent-4-color has-text-color has-link-color has-medium-font-size wp-elements-5b8424fb7fb348e67a1cdfca1ffb95ed\"><strong>Escola Profissional de Hotelaria de Manteigas<\/strong><\/p>\n<\/div>\n\n\n\n<div class=\"wp-block-group has-global-padding is-layout-constrained wp-block-group-is-layout-constrained\">\n<p class=\"has-text-align-center is-style-default has-accent-2-color has-text-color has-link-color wp-elements-b25caec3c04163515dc3730288bb0ed9\" style=\"font-size:clamp(1.502rem, 1.502rem + ((1vw - 0.2rem) * 1.565), 2.5rem);\">16 de agosto <strong>\u2022<\/strong> Domingo<\/p>\n\n\n\n<p class=\"has-text-align-center\"><strong>Concerto de C\u00e2mara<br><\/strong>Duo de Violino e Piano, composto por Alexandra Tirsu e Kristina Miller<\/p>\n\n\n\n<p class=\"has-text-align-center has-accent-4-color has-text-color has-link-color has-medium-font-size wp-elements-1d5ba1852e0f0e111f5064ef34cc8216\"><strong>Local por confirmar, Manteigas<\/strong><\/p>\n<\/div>\n\n\n\n<div class=\"wp-block-group has-global-padding is-layout-constrained wp-block-group-is-layout-constrained\">\n<p class=\"has-text-align-center is-style-default has-accent-2-color has-text-color has-link-color wp-elements-d9678227b355d01372b9d3dda551c0ab\" style=\"font-size:clamp(1.502rem, 1.502rem + ((1vw - 0.2rem) * 1.565), 2.5rem);\">18 de agosto <strong>\u2022<\/strong> 3\u00aa feira<\/p>\n\n\n\n<p class=\"has-text-align-center\"><strong>Concerto de C\u00e2mara<br><\/strong>Quarteto de Violino, Viola, Violoncelo e Piano, composto por Carolina Frederico, Margarida Lamelas, Mafalda Santos e Pedro Emanuel Pereira<\/p>\n\n\n\n<p class=\"has-text-align-center has-accent-4-color has-text-color has-link-color has-medium-font-size wp-elements-1d5ba1852e0f0e111f5064ef34cc8216\"><strong>Local por confirmar, Manteigas<\/strong><\/p>\n<\/div>\n\n\n\n<div class=\"wp-block-group has-global-padding is-layout-constrained wp-block-group-is-layout-constrained\">\n<p class=\"has-text-align-center is-style-default has-accent-2-color has-text-color has-link-color wp-elements-05bf5a8aafbd1caa8e9ee38831b3a1c1\" style=\"font-size:clamp(1.502rem, 1.502rem + ((1vw - 0.2rem) * 1.565), 2.5rem);\">19 de agosto <strong>\u2022<\/strong> 4\u00aa feira<\/p>\n\n\n\n<p class=\"has-text-align-center\"><strong>Concerto Nona Sinfonia de Beethoven<\/strong><br>Orquestra Acad\u00e9mica Filarm\u00f3nica Portuguesa<br>Coro do Festival de M\u00fasica de Ver\u00e3o de Manteigas<\/p>\n\n\n\n<p class=\"has-text-align-center has-accent-4-color has-text-color has-link-color has-medium-font-size wp-elements-c5c80e9d5ba1b8774bebb97f966740ae\"><strong>Agrup. de Escolas Afonso de Albuquerque , Guarda<\/strong><\/p>\n<\/div>\n\n\n\n<div class=\"wp-block-group has-global-padding is-layout-constrained wp-block-group-is-layout-constrained\">\n<p class=\"has-text-align-center is-style-default has-accent-2-color has-text-color has-link-color wp-elements-c7fd004bf1be45d626901d0cfe6383ee\" style=\"font-size:clamp(1.502rem, 1.502rem + ((1vw - 0.2rem) * 1.565), 2.5rem);\">20 de agosto <strong>\u2022<\/strong> 5\u00aa feira<\/p>\n\n\n\n<p class=\"has-text-align-center\"><strong>Concerto Nona Sinfonia de Beethoven<\/strong><br>Orquestra Acad\u00e9mica Filarm\u00f3nica Portuguesa<br>Coro do Festival de M\u00fasica de Ver\u00e3o de Manteigas<\/p>\n\n\n\n<p class=\"has-text-align-center has-accent-4-color has-text-color has-link-color has-medium-font-size wp-elements-1d5ba1852e0f0e111f5064ef34cc8216\"><strong>Local por confirmar, Manteigas<\/strong><\/p>\n<\/div>\n\n\n\n<div class=\"wp-block-group has-global-padding is-layout-constrained wp-block-group-is-layout-constrained\">\n<p class=\"has-text-align-center is-style-default has-accent-2-color has-text-color has-link-color wp-elements-b4b71b2c66548eea9d438aee38e798bf\" style=\"font-size:clamp(1.502rem, 1.502rem + ((1vw - 0.2rem) * 1.565), 2.5rem);\">21 de agosto <strong>\u2022<\/strong> 6\u00aa feira<\/p>\n\n\n\n<p class=\"has-text-align-center\"><strong>Concerto Madrigais<\/strong><br>Coro do Festival de M\u00fasica de Ver\u00e3o de Manteigas<\/p>\n\n\n\n<p class=\"has-text-align-center is-style-default has-accent-4-color has-text-color has-link-color has-medium-font-size wp-elements-8e041e7bb6a34c94a860c15900a50939\"><strong>Local por confirmar, Manteigas<\/strong><\/p>\n<\/div>\n\n\n\n<div class=\"wp-block-group has-global-padding is-layout-constrained wp-block-group-is-layout-constrained\">\n<p class=\"has-text-align-center is-style-default has-accent-2-color has-text-color has-link-color wp-elements-f7960a3077fe1064cf790a28f27b8055\" style=\"font-size:clamp(1.502rem, 1.502rem + ((1vw - 0.2rem) * 1.565), 2.5rem);\">22 de agosto <strong>\u2022<\/strong> S\u00e1bado<\/p>\n\n\n\n<p class=\"has-text-align-center\"><strong>Concerto Hollywood<\/strong><br>Banda Filarm\u00f3nica Popular Manteiguense<br>Coro do Festival de M\u00fasica de Ver\u00e3o de Manteigas<\/p>\n\n\n\n<p class=\"has-text-align-center has-accent-4-color has-text-color has-link-color has-medium-font-size wp-elements-1d5ba1852e0f0e111f5064ef34cc8216\"><strong>Local por confirmar, Manteigas<\/strong><\/p>\n<\/div>\n\n\n\n<div class=\"wp-block-group has-global-padding is-layout-constrained wp-block-group-is-layout-constrained\">\n<div class=\"wp-block-buttons is-layout-flex wp-block-buttons-is-layout-flex\">\n<div class=\"wp-block-button\"><a class=\"wp-block-button__link wp-element-button\" href=\"https:\/\/drive.google.com\/file\/d\/137ZgOVG0Kle6v4ce9046uD9pBFD7Ymz-\/view?usp=sharing\">Hor\u00e1rio das Actividades<\/a><\/div>\n<\/div>\n<\/div>\n\n\n\n<div class=\"wp-block-group has-accent-2-background-color has-background has-global-padding is-layout-constrained wp-container-core-group-is-layout-24567ffd wp-block-group-is-layout-constrained\" style=\"padding-top:var(--wp--preset--spacing--40);padding-right:var(--wp--preset--spacing--40);padding-bottom:var(--wp--preset--spacing--40);padding-left:var(--wp--preset--spacing--40)\">\n<p class=\"has-text-align-center has-base-color has-text-color has-link-color has-large-font-size wp-elements-68b876a448f203c05689c3b829fe63e3\">Para os participantes no Coro do Festival, al\u00e9m dos ensaios e dos ateli\u00eas, o programa inclui igualmente momentos de conv\u00edvio e de passeio para conhecer a regi\u00e3o.<\/p>\n<\/div>\n<\/div>\n<\/div>\n","protected":false},"excerpt":{"rendered":"<p>Festival de M\u00fasica de Ver\u00e3o de Manteigas 15 &gt; 22 Ago &#8217;26 Programa\u00e7\u00e3o 15 de agosto \u2022 S\u00e1bado Chegada dos participantes 15 a 19 de agosto Ateli\u00ea coral intensivo de prepara\u00e7\u00e3o dos concertos finais com a obra Nona Sinfonia de Beethoven Ateli\u00ea de Madrigais Ateli\u00ea de Hollywood Ateliers orientados por Jorge Carvalho Alves e Rute [&hellip;]<\/p>\n","protected":false},"author":1,"featured_media":0,"parent":0,"menu_order":0,"comment_status":"closed","ping_status":"closed","template":"page-no-title","meta":{"footnotes":""},"folder":[],"class_list":["post-1012","page","type-page","status-publish","hentry"],"yoast_head":"<!-- This site is optimized with the Yoast SEO plugin v27.1.1 - https:\/\/yoast.com\/product\/yoast-seo-wordpress\/ -->\n<title>Programa\u00e7\u00e3o - Festival de M\u00fasica de Ver\u00e3o de Manteigas<\/title>\n<meta name=\"robots\" content=\"index, follow, max-snippet:-1, max-image-preview:large, max-video-preview:-1\" \/>\n<link rel=\"canonical\" href=\"https:\/\/www.manteigasmusicfestival.com\/pt\/programacao\/\" \/>\n<meta property=\"og:locale\" content=\"pt_PT\" \/>\n<meta property=\"og:type\" content=\"article\" \/>\n<meta property=\"og:title\" content=\"Programa\u00e7\u00e3o - Festival de M\u00fasica de Ver\u00e3o de Manteigas\" \/>\n<meta property=\"og:description\" content=\"Festival de M\u00fasica de Ver\u00e3o de Manteigas 15 &gt; 22 Ago &#8217;26 Programa\u00e7\u00e3o 15 de agosto \u2022 S\u00e1bado Chegada dos participantes 15 a 19 de agosto Ateli\u00ea coral intensivo de prepara\u00e7\u00e3o dos concertos finais com a obra Nona Sinfonia de Beethoven Ateli\u00ea de Madrigais Ateli\u00ea de Hollywood Ateliers orientados por Jorge Carvalho Alves e Rute [&hellip;]\" \/>\n<meta property=\"og:url\" content=\"https:\/\/www.manteigasmusicfestival.com\/pt\/programacao\/\" \/>\n<meta property=\"og:site_name\" content=\"Festival de M\u00fasica de Ver\u00e3o de Manteigas\" \/>\n<meta property=\"article:publisher\" content=\"https:\/\/www.facebook.com\/p\/CORO-SINFNICO-LISBOA-CANTAT-100063495156162\" \/>\n<meta property=\"article:modified_time\" content=\"2026-05-02T23:08:37+00:00\" \/>\n<meta name=\"twitter:card\" content=\"summary_large_image\" \/>\n<meta name=\"twitter:label1\" content=\"Tempo estimado de leitura\" \/>\n\t<meta name=\"twitter:data1\" content=\"1 minuto\" \/>\n<script type=\"application\/ld+json\" class=\"yoast-schema-graph\">{\"@context\":\"https:\/\/schema.org\",\"@graph\":[{\"@type\":\"WebPage\",\"@id\":\"https:\/\/www.manteigasmusicfestival.com\/programacao\/\",\"url\":\"https:\/\/www.manteigasmusicfestival.com\/programacao\/\",\"name\":\"Programa\u00e7\u00e3o - Festival de M\u00fasica de Ver\u00e3o de Manteigas\",\"isPartOf\":{\"@id\":\"https:\/\/www.manteigasmusicfestival.com\/#website\"},\"datePublished\":\"2026-05-02T22:55:03+00:00\",\"dateModified\":\"2026-05-02T23:08:37+00:00\",\"breadcrumb\":{\"@id\":\"https:\/\/www.manteigasmusicfestival.com\/programacao\/#breadcrumb\"},\"inLanguage\":\"pt-PT\",\"potentialAction\":[{\"@type\":\"ReadAction\",\"target\":[\"https:\/\/www.manteigasmusicfestival.com\/programacao\/\"]}]},{\"@type\":\"BreadcrumbList\",\"@id\":\"https:\/\/www.manteigasmusicfestival.com\/programacao\/#breadcrumb\",\"itemListElement\":[{\"@type\":\"ListItem\",\"position\":1,\"name\":\"Home\",\"item\":\"https:\/\/www.manteigasmusicfestival.com\/\"},{\"@type\":\"ListItem\",\"position\":2,\"name\":\"Programa\u00e7\u00e3o\"}]},{\"@type\":\"WebSite\",\"@id\":\"https:\/\/www.manteigasmusicfestival.com\/#website\",\"url\":\"https:\/\/www.manteigasmusicfestival.com\/\",\"name\":\"Festival de M\u00fasica de Ver\u00e3o de Manteigas\",\"description\":\"Choral music in the heart of Serra da Estrela.\",\"publisher\":{\"@id\":\"https:\/\/www.manteigasmusicfestival.com\/#organization\"},\"potentialAction\":[{\"@type\":\"SearchAction\",\"target\":{\"@type\":\"EntryPoint\",\"urlTemplate\":\"https:\/\/www.manteigasmusicfestival.com\/?s={search_term_string}\"},\"query-input\":{\"@type\":\"PropertyValueSpecification\",\"valueRequired\":true,\"valueName\":\"search_term_string\"}}],\"inLanguage\":\"pt-PT\"},{\"@type\":\"Organization\",\"@id\":\"https:\/\/www.manteigasmusicfestival.com\/#organization\",\"name\":\"Festival de M\u00fasica de Ver\u00e3o de Manteigas\",\"url\":\"https:\/\/www.manteigasmusicfestival.com\/\",\"logo\":{\"@type\":\"ImageObject\",\"inLanguage\":\"pt-PT\",\"@id\":\"https:\/\/www.manteigasmusicfestival.com\/#\/schema\/logo\/image\/\",\"url\":\"https:\/\/www.manteigasmusicfestival.com\/wp-content\/uploads\/2025\/03\/FMV-Manteigas_PT_fundo-verde.png\",\"contentUrl\":\"https:\/\/www.manteigasmusicfestival.com\/wp-content\/uploads\/2025\/03\/FMV-Manteigas_PT_fundo-verde.png\",\"width\":5000,\"height\":2500,\"caption\":\"Festival de M\u00fasica de Ver\u00e3o de Manteigas\"},\"image\":{\"@id\":\"https:\/\/www.manteigasmusicfestival.com\/#\/schema\/logo\/image\/\"},\"sameAs\":[\"https:\/\/www.facebook.com\/p\/CORO-SINFNICO-LISBOA-CANTAT-100063495156162\",\"https:\/\/www.instagram.com\/corosinfonico.lisboacantat\/\"]}]}<\/script>\n<!-- \/ Yoast SEO plugin. -->","yoast_head_json":{"title":"Programa\u00e7\u00e3o - Festival de M\u00fasica de Ver\u00e3o de Manteigas","robots":{"index":"index","follow":"follow","max-snippet":"max-snippet:-1","max-image-preview":"max-image-preview:large","max-video-preview":"max-video-preview:-1"},"canonical":"https:\/\/www.manteigasmusicfestival.com\/pt\/programacao\/","og_locale":"pt_PT","og_type":"article","og_title":"Programa\u00e7\u00e3o - Festival de M\u00fasica de Ver\u00e3o de Manteigas","og_description":"Festival de M\u00fasica de Ver\u00e3o de Manteigas 15 &gt; 22 Ago &#8217;26 Programa\u00e7\u00e3o 15 de agosto \u2022 S\u00e1bado Chegada dos participantes 15 a 19 de agosto Ateli\u00ea coral intensivo de prepara\u00e7\u00e3o dos concertos finais com a obra Nona Sinfonia de Beethoven Ateli\u00ea de Madrigais Ateli\u00ea de Hollywood Ateliers orientados por Jorge Carvalho Alves e Rute [&hellip;]","og_url":"https:\/\/www.manteigasmusicfestival.com\/pt\/programacao\/","og_site_name":"Festival de M\u00fasica de Ver\u00e3o de Manteigas","article_publisher":"https:\/\/www.facebook.com\/p\/CORO-SINFNICO-LISBOA-CANTAT-100063495156162","article_modified_time":"2026-05-02T23:08:37+00:00","twitter_card":"summary_large_image","twitter_misc":{"Tempo estimado de leitura":"1 minuto"},"schema":{"@context":"https:\/\/schema.org","@graph":[{"@type":"WebPage","@id":"https:\/\/www.manteigasmusicfestival.com\/programacao\/","url":"https:\/\/www.manteigasmusicfestival.com\/programacao\/","name":"Programa\u00e7\u00e3o - Festival de M\u00fasica de Ver\u00e3o de Manteigas","isPartOf":{"@id":"https:\/\/www.manteigasmusicfestival.com\/#website"},"datePublished":"2026-05-02T22:55:03+00:00","dateModified":"2026-05-02T23:08:37+00:00","breadcrumb":{"@id":"https:\/\/www.manteigasmusicfestival.com\/programacao\/#breadcrumb"},"inLanguage":"pt-PT","potentialAction":[{"@type":"ReadAction","target":["https:\/\/www.manteigasmusicfestival.com\/programacao\/"]}]},{"@type":"BreadcrumbList","@id":"https:\/\/www.manteigasmusicfestival.com\/programacao\/#breadcrumb","itemListElement":[{"@type":"ListItem","position":1,"name":"Home","item":"https:\/\/www.manteigasmusicfestival.com\/"},{"@type":"ListItem","position":2,"name":"Programa\u00e7\u00e3o"}]},{"@type":"WebSite","@id":"https:\/\/www.manteigasmusicfestival.com\/#website","url":"https:\/\/www.manteigasmusicfestival.com\/","name":"Festival de M\u00fasica de Ver\u00e3o de Manteigas","description":"Choral music in the heart of Serra da Estrela.","publisher":{"@id":"https:\/\/www.manteigasmusicfestival.com\/#organization"},"potentialAction":[{"@type":"SearchAction","target":{"@type":"EntryPoint","urlTemplate":"https:\/\/www.manteigasmusicfestival.com\/?s={search_term_string}"},"query-input":{"@type":"PropertyValueSpecification","valueRequired":true,"valueName":"search_term_string"}}],"inLanguage":"pt-PT"},{"@type":"Organization","@id":"https:\/\/www.manteigasmusicfestival.com\/#organization","name":"Festival de M\u00fasica de Ver\u00e3o de Manteigas","url":"https:\/\/www.manteigasmusicfestival.com\/","logo":{"@type":"ImageObject","inLanguage":"pt-PT","@id":"https:\/\/www.manteigasmusicfestival.com\/#\/schema\/logo\/image\/","url":"https:\/\/www.manteigasmusicfestival.com\/wp-content\/uploads\/2025\/03\/FMV-Manteigas_PT_fundo-verde.png","contentUrl":"https:\/\/www.manteigasmusicfestival.com\/wp-content\/uploads\/2025\/03\/FMV-Manteigas_PT_fundo-verde.png","width":5000,"height":2500,"caption":"Festival de M\u00fasica de Ver\u00e3o de Manteigas"},"image":{"@id":"https:\/\/www.manteigasmusicfestival.com\/#\/schema\/logo\/image\/"},"sameAs":["https:\/\/www.facebook.com\/p\/CORO-SINFNICO-LISBOA-CANTAT-100063495156162","https:\/\/www.instagram.com\/corosinfonico.lisboacantat\/"]}]}},"_links":{"self":[{"href":"https:\/\/www.manteigasmusicfestival.com\/pt\/wp-json\/wp\/v2\/pages\/1012","targetHints":{"allow":["GET"]}}],"collection":[{"href":"https:\/\/www.manteigasmusicfestival.com\/pt\/wp-json\/wp\/v2\/pages"}],"about":[{"href":"https:\/\/www.manteigasmusicfestival.com\/pt\/wp-json\/wp\/v2\/types\/page"}],"author":[{"embeddable":true,"href":"https:\/\/www.manteigasmusicfestival.com\/pt\/wp-json\/wp\/v2\/users\/1"}],"replies":[{"embeddable":true,"href":"https:\/\/www.manteigasmusicfestival.com\/pt\/wp-json\/wp\/v2\/comments?post=1012"}],"version-history":[{"count":5,"href":"https:\/\/www.manteigasmusicfestival.com\/pt\/wp-json\/wp\/v2\/pages\/1012\/revisions"}],"predecessor-version":[{"id":1220,"href":"https:\/\/www.manteigasmusicfestival.com\/pt\/wp-json\/wp\/v2\/pages\/1012\/revisions\/1220"}],"wp:attachment":[{"href":"https:\/\/www.manteigasmusicfestival.com\/pt\/wp-json\/wp\/v2\/media?parent=1012"}],"wp:term":[{"taxonomy":"folder","embeddable":true,"href":"https:\/\/www.manteigasmusicfestival.com\/pt\/wp-json\/wp\/v2\/folder?post=1012"}],"curies":[{"name":"wp","href":"https:\/\/api.w.org\/{rel}","templated":true}]}}